{"id":120,"date":"2015-12-23T12:25:15","date_gmt":"2015-12-23T12:25:15","guid":{"rendered":"http:\/\/chove.hol.es\/web\/?page_id=120"},"modified":"2016-01-20T18:59:54","modified_gmt":"2016-01-20T18:59:54","slug":"montefrio-historia-y-vidad-de-sus-gentes-anos-50-y-60","status":"publish","type":"page","link":"https:\/\/chove.hol.es\/web\/?page_id=120","title":{"rendered":"Montefr\u00edo: Historia y Vidad de sus Gentes (A\u00f1os 50 y 60)"},"content":{"rendered":"<p><a href=\"http:\/\/chove.hol.es\/web\/wp-content\/uploads\/2015\/12\/portada2.png\"><img loading=\"lazy\" decoding=\"async\" class=\"aligncenter size-medium wp-image-121\" src=\"http:\/\/chove.hol.es\/web\/wp-content\/uploads\/2015\/12\/portada2-210x300.png\" alt=\"\" width=\"210\" height=\"300\" srcset=\"https:\/\/chove.hol.es\/web\/wp-content\/uploads\/2015\/12\/portada2-210x300.png 210w, https:\/\/chove.hol.es\/web\/wp-content\/uploads\/2015\/12\/portada2.png 362w\" sizes=\"auto, (max-width: 210px) 100vw, 210px\" \/><\/a><\/p>\n<ul>\n<li><a title=\"Presentaci\u00f3n Alcaldesa\" href=\"http:\/\/chove.hol.es\/web\/?page_id=123\">Presentaci\u00f3n Alcaldesa<\/a><\/li>\n<li><a title=\"Presentaci\u00f3n Tte. Alcalde\" href=\"http:\/\/chove.hol.es\/web\/?page_id=125\">Presentaci\u00f3n Tte. Alcalde<\/a><\/li>\n<li><a title=\"Montefr\u00edo: Historia y Vida de sus Gentes\" href=\"http:\/\/chove.hol.es\/web\/?page_id=67\">Ir a Fotos de la Presentaci\u00f3n<\/a><\/li>\n<li><a title=\"Montefr\u00edo: Historia y Vida de sus Gentes\" href=\"http:\/\/chove.hol.es\/web\/?page_id=244\">Ir a V\u00eddeos sobre el Libro<\/a><\/li>\n<li><a title=\"Prensa Digital\" href=\"http:\/\/chove.hol.es\/web\/?page_id=103\">Prensa Digital<\/a><\/li>\n<\/ul>\n<p><strong>Introducci\u00f3n:<\/strong><\/p>\n<p>La Historia de Montefr\u00edo y Vida de sus Gentes nace del amor, del cari\u00f1o y de la admiraci\u00f3n que siento por mi pueblo. No ha supuesto para m\u00ed esfuerzo ni sacrificio alguno su realizaci\u00f3n, sino todo lo contrario, un gran gozo al que me aplicaba en cuanto pod\u00eda con tal grado de dependencia que no ve\u00eda la forma de dejarlo. El rememorar aquellos tiempos para escribir cada uno de sus cap\u00edtulos me provocaba un disfrute y satisfacci\u00f3n tales que quiero hacer part\u00edcipe de ellos al lector.<\/p>\n<p>Es un trabajo que no pretende ser un an\u00e1lisis exhaustivo y riguroso con datos y cifras, sino que se centra prioritariamente en los vecinos y en su modo de vida, que es mi propia vida. Para que los viejos recuerden y los j\u00f3venes conozcan la sociedad montefrie\u00f1a de las d\u00e9cadas de los cincuenta y sesenta. Formas de vida y de trabajo hoy desaparecidos, pero muy importantes en aquella \u00e9poca que nos dan una idea de conjunto de la sociedad de entonces. Una especie de tr\u00e1iler para la evocaci\u00f3n del recuerdo de im\u00e1genes que quedaron grabadas en la mente de los montefrie\u00f1os, de lo bueno y de lo malo, de la realidad de aquellos a\u00f1os, y por consiguiente m\u00e1s malo que bueno. Es por tanto un trabajo de car\u00e1cter antropol\u00f3gico y costumbrista, una Historia narrada con car\u00e1cter autobiogr\u00e1fico en algunos de sus pasajes y cap\u00edtulos.<\/p>\n<p>No obstante, tambi\u00e9n se ofrecen datos, cifras y nombres con un alto grado de aproximaci\u00f3n a la realidad social de aquellos a\u00f1os y que permiten al lector\u00a0introducirse con la imaginaci\u00f3n en el ambiente de aquel Montefr\u00edo. Recordar c\u00f3mo se ganaban sus gentes la vida, las ocupaciones, los negocios, el trabajo en el campo, la cultura, etc. Pero todo ello visto desde la perspectiva de la persona como n\u00facleo central y vertebrador de aquella gran familia. Por eso se utilizan nombres, apodos, porque as\u00ed se conoc\u00eda y llamaba a la gente, con la intenci\u00f3n de desprender a los datos y cifras de la frialdad estad\u00edstica, para convertirlos en detalles y rasgos humanos que nos ayuden a lograr una mayor identificaci\u00f3n y conexi\u00f3n con las personas y su vida diaria. Personas y familias con sus dificultades, alegr\u00edas y tristezas; cu\u00e1ntas y c\u00f3mo eran, c\u00f3mo y de qu\u00e9 viv\u00edan, y c\u00f3mo se repart\u00edan las tierras y la riqueza. Es como un viaje retrospectivo en el tiempo para trasladarnos cincuenta a\u00f1os atr\u00e1s, al Montefr\u00edo de los a\u00f1os cincuenta y sesenta.<\/p>\n<p>Se ha escogido esta \u00e9poca concreta por su trascendencia hist\u00f3rica como nexo entre un antes y un despu\u00e9s de Montefr\u00edo, como zona fronteriza de comunicaci\u00f3n y de paso de la miseria y el subdesarrollo al progreso y el bienestar. Y porque los que tuvimos la suerte de vivirla hemos sido unos afortunados, privilegio que nos permite hoy contarlo para satisfacci\u00f3n y recuerdo de paisanos coet\u00e1neos y conocimiento de generaciones posteriores.<\/p>\n<p>La memoria hist\u00f3rica hay que ejercitarla y alimentarla no para revivir y provocar el rencor y el odio, sino desde la perspectiva de la inteligencia y del amor.<\/p>\n<p>Para aprender de la experiencia a evitar errores provocadores de sufrimiento y para incrementar el cari\u00f1o a nuestro pueblo a trav\u00e9s de su conocimiento. Por ello, los destinatarios del presente trabajo son tanto los testigos de aquella historia como los hijos de \u00e9stos y las generaciones futuras.<\/p>\n<p>Se pretende hacer recordar la vida de entonces a los ciudadanos protagonistas de aquellas vivencias, las que ellos conocen bien, para que las tengan siempre presentes y no las olviden, y para que disfruten con su recuerdo como yo he disfrutado. Por otra parte, los j\u00f3venes y todos aquellos que no las vivieron deben conocer esa otra vida, para que sepan que ha existido y puede existir otra distinta a la que ahora tienen, que no es ficci\u00f3n o batallita, sino una realidad casi presente. Y para todos, la historia de una vida con una doble dimensi\u00f3n, tan lejana en calidad y derechos, y tan cercana en el tiempo que casi se puede tocar, aunque aparezca a veces en el rinc\u00f3n m\u00e1s remoto de la memoria.<\/p>\n<p>En definitiva, el objetivo es el de incentivar el inter\u00e9s y el amor por nuestro pueblo a trav\u00e9s del recuerdo y del conocimiento, cultivando el sentimiento del ser montefrie\u00f1o.<\/p>\n<p>La metodolog\u00eda utilizada para su confecci\u00f3n ha estado centrada b\u00e1sicamente en el contacto y comunicaci\u00f3n con los vecinos, en entrevistas y conversaciones con personas de buena memoria y conocedoras de nuestro pueblo, as\u00ed como representantes de empresas, entidades y gremios econ\u00f3micos locales. Todo ello complementado y documentado a veces con datos, apuntes y referencias bibliogr\u00e1ficas y del Registro Municipal. Por consiguiente, la fuente principal de informaci\u00f3n e indagaci\u00f3n ha estado confiada a la experiencia y la memoria.<\/p>\n<p>Para ello se ha contado tambi\u00e9n con la ayuda del que he llamado \u201cConsejo Colaborador\u201d, que ha funcionado como fuente informativa a la vez que elemento canalizador de otras v\u00edas de indagaci\u00f3n. Un grupo de personas amigas, conocedoras por experiencia propia de la vida y pormenores del pueblo, ya que han vivido siempre en \u00e9l y se han visto obligados a trabajar junto a sus padres y hermanos casi desde que nacieron para sacar su familia adelante.<\/p>\n<p>Como metodolog\u00eda de trabajo tambi\u00e9n se ha utilizado un procedimiento similar al de la elaboraci\u00f3n del Catastro de Ensenada \u2013salvando las distancias y modestia aparte- y siguiendo como gui\u00f3n algunas de sus preguntas, mediante el que se ha elaborado la presente documentaci\u00f3n con la radiograf\u00eda de la econom\u00eda y sociedad del Montefr\u00edo de aquellos a\u00f1os.<\/p>\n<p>Se ha confeccionado un censo de actividades econ\u00f3micas procurando incluir todas las profesiones, empresas y negocios generadores de riqueza y empleo, con indicaci\u00f3n de la actividad, ubicaci\u00f3n e identificaci\u00f3n del personal que trabajaba en ellos, empezando por el propio ayuntamiento y terminando con los quioscos y puestos ambulantes de venta. Con este recorrido por plazas y calles se pretende vivificar con la imaginaci\u00f3n el ambiente y movimiento vecinal del d\u00eda a d\u00eda de aquellos montefrie\u00f1os.<\/p>\n<p>Se ofrece una detallada informaci\u00f3n de cortijos, huertas, ganaderos, comercios, bares, datos de poblaci\u00f3n, emigraci\u00f3n, etc. Las profesiones perdidas, funciones del campo, tradiciones, fiestas, m\u00fasica, relaciones de noviazgo, juegos de ni\u00f1ez, etc. nos acercan tambi\u00e9n cari\u00f1osamente a aquel Montefr\u00edo desde el conocimiento de su contexto sociocultural.<\/p>\n<p>Se ha incluido un cap\u00edtulo dedicado a la Iglesia por su papel relevante en la sociedad de la \u00e9poca, con la descripci\u00f3n de algunas de sus actividades y oficios, y con los personajes vinculados y relacionados, algunos de los cuales se ayudaban de ella para vivir.<\/p>\n<p>Como contraste, el abastecimiento p\u00fablico de agua en las casas -se concret\u00f3 en el ochenta pero se gestion\u00f3 muchos a\u00f1os antes-, fue un hito clave en la historia de nuestro pueblo que marc\u00f3 el tr\u00e1nsito de la antig\u00fcedad a la modernidad, y por su importancia se ha cre\u00eddo oportuno recordar los pormenores de su tramitaci\u00f3n y c\u00f3mo se las arreglaban las familias sin este bien de primera necesidad en sus hogares.<\/p>\n<p>Con la intenci\u00f3n de hacer m\u00e1s atractiva y agradable su lectura, as\u00ed como la de lograr introducir al lector en su contenido, se ha aderezado su narraci\u00f3n con descripci\u00f3n de personajes, fotograf\u00edas, an\u00e9cdotas y detalles humor\u00edsticos \u2013reales todos-; se\u00f1as de identidad que muestran a los montefrie\u00f1os tal como \u00e9ramos y creo que seguimos siendo.<\/p>\n","protected":false},"excerpt":{"rendered":"<p>Presentaci\u00f3n Alcaldesa Presentaci\u00f3n Tte. Alcalde Ir a Fotos de la Presentaci\u00f3n Ir a V\u00eddeos sobre el Libro Prensa Digital Introducci\u00f3n: La Historia de Montefr\u00edo y Vida de sus Gentes nace del amor, del cari\u00f1o y de la admiraci\u00f3n que siento por mi pueblo. No ha supuesto para m\u00ed esfuerzo ni sacrificio alguno su realizaci\u00f3n, sino [&hellip;]<\/p>\n","protected":false},"author":2,"featured_media":0,"parent":99,"menu_order":0,"comment_status":"open","ping_status":"open","template":"","meta":{"footnotes":""},"class_list":["post-120","page","type-page","status-publish","hentry"],"_links":{"self":[{"href":"https:\/\/chove.hol.es\/web\/index.php?rest_route=\/wp\/v2\/pages\/120","targetHints":{"allow":["GET"]}}],"collection":[{"href":"https:\/\/chove.hol.es\/web\/index.php?rest_route=\/wp\/v2\/pages"}],"about":[{"href":"https:\/\/chove.hol.es\/web\/index.php?rest_route=\/wp\/v2\/types\/page"}],"author":[{"embeddable":true,"href":"https:\/\/chove.hol.es\/web\/index.php?rest_route=\/wp\/v2\/users\/2"}],"replies":[{"embeddable":true,"href":"https:\/\/chove.hol.es\/web\/index.php?rest_route=%2Fwp%2Fv2%2Fcomments&post=120"}],"version-history":[{"count":6,"href":"https:\/\/chove.hol.es\/web\/index.php?rest_route=\/wp\/v2\/pages\/120\/revisions"}],"predecessor-version":[{"id":1194,"href":"https:\/\/chove.hol.es\/web\/index.php?rest_route=\/wp\/v2\/pages\/120\/revisions\/1194"}],"up":[{"embeddable":true,"href":"https:\/\/chove.hol.es\/web\/index.php?rest_route=\/wp\/v2\/pages\/99"}],"wp:attachment":[{"href":"https:\/\/chove.hol.es\/web\/index.php?rest_route=%2Fwp%2Fv2%2Fmedia&parent=120"}],"curies":[{"name":"wp","href":"https:\/\/api.w.org\/{rel}","templated":true}]}}